{"id":6612,"date":"2022-05-11T16:15:41","date_gmt":"2022-05-11T14:15:41","guid":{"rendered":"https:\/\/www.prosol-elearning.com\/associazioni-di-pazienti-e-reti-di-partner\/"},"modified":"2022-07-26T10:55:06","modified_gmt":"2022-07-26T08:55:06","slug":"associazioni-di-pazienti-e-reti-di-partner","status":"publish","type":"page","link":"https:\/\/www.prosol-elearning.com\/it\/associazioni-di-pazienti-e-reti-di-partner\/","title":{"rendered":"Associazioni di pazienti e reti di partner"},"content":{"rendered":"\t\t<div data-elementor-type=\"wp-page\" data-elementor-id=\"6612\" class=\"elementor elementor-6612 elementor-5002\" data-elementor-post-type=\"page\">\n\t\t\t\t\t\t<section class=\"elementor-section elementor-top-section elementor-element elementor-element-48af345 elementor-section-boxed elementor-section-gap-beside-yes elementor-section-height-default elementor-section-height-default elementor-section-column-vertical-align-stretch\" data-id=\"48af345\" data-element_type=\"section\">\n\t\t\t\t\t\t<div class=\"elementor-container elementor-column-gap-extended\">\n\t\t\t\t\t<div class=\"elementor-column elementor-col-100 elementor-top-column elementor-element elementor-element-7a7b2c3\" data-id=\"7a7b2c3\" data-element_type=\"column\">\n\t\t\t<div class=\"elementor-widget-wrap\">\n\t\t\t\t\t\t\t<\/div>\n\t\t<\/div>\n\t\t\t\t\t<\/div>\n\t\t<\/section>\n\t\t\t\t<section class=\"elementor-section elementor-top-section elementor-element elementor-element-b854fea elementor-section-boxed elementor-section-gap-beside-yes elementor-section-height-default elementor-section-height-default elementor-section-content-align-center elementor-section-column-vertical-align-stretch\" data-id=\"b854fea\" data-element_type=\"section\">\n\t\t\t\t\t\t<div class=\"elementor-container elementor-column-gap-extended\">\n\t\t\t\t\t<div class=\"elementor-column elementor-col-100 elementor-top-column elementor-element elementor-element-137e9fc\" data-id=\"137e9fc\" data-element_type=\"column\">\n\t\t\t<div class=\"elementor-widget-wrap elementor-element-populated\">\n\t\t\t\t\t\t<div class=\"elementor-element elementor-element-bdb6ac0 elementor-invisible elementor-widget elementor-widget-tm-heading\" data-id=\"bdb6ac0\" data-element_type=\"widget\" data-settings=\"{&quot;_animation&quot;:&quot;edumallFadeInUp&quot;}\" data-widget_type=\"tm-heading.default\">\n\t\t\t\t<div class=\"elementor-widget-container\">\n\t\t\t\t\t<div class=\"tm-modern-heading\">\n\t\t\t\n\t\t\t\t\t<div class=\"heading-primary-wrap\">\n\t\t\t<h2 class=\"heading-primary elementor-heading-title\">Associazioni di pazienti e reti di partner<\/h2>\t\t<\/div>\n\t\t\n\t\t\t\n\t\t\t\t\t<div class=\"heading-description-wrap\">\n\t\t\t<div class=\"heading-description\">\n\t\t\t\t<h2><strong><span style=\"color: #2ebfc2\">Sistema nervoso periferico Muscolo CHU de Nice<\/span><\/strong><\/h2><p>I Centri di Riferimento per le Malattie Neuromuscolari lavorano in collaborazione con molti partner (reti, associazioni di pazienti, ecc.):<\/p>\t\t\t<\/div>\n\t\t<\/div>\n\t\t\t<\/div>\n\t\t\t\t<\/div>\n\t\t\t\t<\/div>\n\t\t\t\t\t<\/div>\n\t\t<\/div>\n\t\t\t\t\t<\/div>\n\t\t<\/section>\n\t\t\t\t<section class=\"elementor-section elementor-top-section elementor-element elementor-element-7dbe169 elementor-section-boxed elementor-section-gap-beside-yes elementor-section-height-default elementor-section-height-default elementor-section-content-align-center elementor-section-column-vertical-align-stretch\" data-id=\"7dbe169\" data-element_type=\"section\">\n\t\t\t\t\t\t<div class=\"elementor-container elementor-column-gap-extended\">\n\t\t\t\t\t<div class=\"elementor-column elementor-col-50 elementor-top-column elementor-element elementor-element-5c15e29\" data-id=\"5c15e29\" data-element_type=\"column\">\n\t\t\t<div class=\"elementor-widget-wrap elementor-element-populated\">\n\t\t\t\t\t\t<div class=\"elementor-element elementor-element-0e7cf06 elementor-invisible elementor-widget elementor-widget-tm-heading\" data-id=\"0e7cf06\" data-element_type=\"widget\" data-settings=\"{&quot;_animation&quot;:&quot;edumallFadeInUp&quot;}\" data-widget_type=\"tm-heading.default\">\n\t\t\t\t<div class=\"elementor-widget-container\">\n\t\t\t\t\t<div class=\"tm-modern-heading\">\n\t\t\t\n\t\t\t\n\t\t\t\n\t\t\t\t\t<div class=\"heading-description-wrap\">\n\t\t\t<div class=\"heading-description\">\n\t\t\t\t<h3 style=\"text-align: left\"><strong>Associazioni di pazienti<\/strong><\/h3><ul style=\"text-align: left\"><li><a href=\"http:\/\/www.afm-telethon.fr\/\" target=\"_blank\" rel=\"noopener\"><strong>AFM<\/strong>-Telethon: Associazione francese contro le miopatie<\/a><\/li><li><a href=\"http:\/\/www.neuropathies-peripheriques.org\/\" target=\"_blank\" rel=\"noopener\"><strong>AFNP<\/strong> :Associazione francese contro le neuropatie periferiche<\/a><\/li><li><a href=\"http:\/\/www.apf.asso.fr\/\" target=\"_blank\" rel=\"noopener\"><strong>APF<\/strong> : Associazione dei Paralizzati di Francia<\/a><\/li><li><a href=\"http:\/\/www.arsla.org\/sla-sclerose-laterale-amyotrophique-fr\/a-la-une.html\" target=\"_blank\" rel=\"noopener\"><strong>ARSLA<\/strong>: Associazione per la ricerca sulla sclerosi laterale amiotrofica<\/a><\/li><li><a href=\"http:\/\/www.apsp-paca.net\/association-soin-palliatifs.php\" target=\"_blank\" rel=\"noopener\"><strong>APSP <\/strong>: Associazione per le Cure Palliative PACA<\/a><\/li><li><a href=\"http:\/\/www.cmt-france.org\/\" target=\"_blank\" rel=\"noopener\"><strong>CMTFrance <\/strong>: Associazione di persone affette dalla malattia di Charcot-Marie-Tooth e neuropatie correlate<\/a><\/li><li><a href=\"http:\/\/www.ciusante.org\/\" target=\"_blank\" rel=\"noopener\"><strong>CIU-Sant\u00e9 <\/strong>: Centro per l'Innovazione e l'Utilizzo in Salute<\/a><\/li><li><a href=\"https:\/\/fshdchampions.org\/about\/fshd-europe\/\" target=\"_blank\" rel=\"noopener\"><strong>FSHD Europa <\/strong>: alleanza internazionale a sostegno della ricerca sulla distrofia muscolare omerale<\/a><\/li><li><a href=\"http:\/\/www.glycogenoses.org\/\" target=\"_blank\" rel=\"noopener\"><strong>AFG <\/strong>: Association Francophone des Glycog\u00e9noses<\/a><\/li><li><a href=\"http:\/\/www.medecine-culture.org\/\" target=\"_blank\" rel=\"noopener\"><strong>Casa di Medicina e Cultura<\/strong><\/a><\/li><li><a href=\"http:\/\/cf-enmg.blogspot.fr\/\" target=\"_blank\" rel=\"noopener\"><strong>Club Francofono ENMG<\/strong><\/a><\/li><li><a href=\"http:\/\/www.sferhe.org\/\" target=\"_blank\" rel=\"noopener\"><strong>Societ\u00e0 francofona di studi e ricerche sulle disabilit\u00e0 infantili<\/strong><\/a><\/li><\/ul><h3 style=\"text-align: left\"><strong>Reti<br><\/strong><\/h3><ul style=\"text-align: left\"><li><a href=\"http:\/\/www.reseauslapaca.com\/\" target=\"_blank\" rel=\"noopener\">Rete SLA PACA EST<\/a><\/li><\/ul>\t\t\t<\/div>\n\t\t<\/div>\n\t\t\t<\/div>\n\t\t\t\t<\/div>\n\t\t\t\t<\/div>\n\t\t\t\t\t<\/div>\n\t\t<\/div>\n\t\t\t\t<div class=\"elementor-column elementor-col-50 elementor-top-column elementor-element elementor-element-8992dea\" data-id=\"8992dea\" data-element_type=\"column\">\n\t\t\t<div class=\"elementor-widget-wrap elementor-element-populated\">\n\t\t\t\t\t\t<div class=\"elementor-element elementor-element-35f8e1f elementor-invisible elementor-widget elementor-widget-tm-heading\" data-id=\"35f8e1f\" data-element_type=\"widget\" data-settings=\"{&quot;_animation&quot;:&quot;edumallFadeInUp&quot;}\" data-widget_type=\"tm-heading.default\">\n\t\t\t\t<div class=\"elementor-widget-container\">\n\t\t\t\t\t<div class=\"tm-modern-heading\">\n\t\t\t\n\t\t\t\n\t\t\t\n\t\t\t\t\t<div class=\"heading-description-wrap\">\n\t\t\t<div class=\"heading-description\">\n\t\t\t\t<h3 style=\"text-align: left\"><strong><strong>Partner<\/strong><\/strong><\/h3>\n<ul style=\"text-align: left\">\n \t<li><a target=\"_blank\" href=\"http:\/\/www.oncoage.org\/\">FHU Oncoage<\/a><\/li>\n \t<li><a target=\"_blank\" href=\"http:\/\/univ-cotedazur.fr\/english\">Universit\u00e0 della Costa Azzurra (UCA)<\/a><\/li>\n \t<li><a target=\"_blank\" href=\"http:\/\/www.apsp-paca.net\/alpes-maritimes\/soins-palliatifs-06.php\"><strong>TERDASP 06<\/strong>: Piattaforma Territoriale Rete del Dolore Sostegno Cure Palliative delle Alpi Marittime<\/a><\/li>\n<\/ul>\n<h3 style=\"text-align: left\"><strong>Societ\u00e0 colte<\/strong><\/h3>\n<ul style=\"text-align: left\">\n \t<li><a target=\"_blank\" href=\"http:\/\/www.societedunerfperipherique.org\/\"><strong>SFM <\/strong>: Societ\u00e0 francese di miologia<\/a><\/li>\n \t<li><a target=\"_blank\" href=\"http:\/\/www.societedunerfperipherique.org\/\"><strong>SFNP<\/strong> : Societ\u00e0 francofona del nervo periferico<\/a><\/li>\n \t<li><a target=\"_blank\" href=\"http:\/\/www.sf-neuro.org\/\"><strong>Societ\u00e0 francese di neurologia<\/strong><\/a><\/li>\n \t<li><a target=\"_blank\" href=\"https:\/\/www.ean.org\/\"><strong>EAN<\/strong>: Accademia Europea di Neurologia<\/a><\/li>\n \t<li><a target=\"_blank\" href=\"http:\/\/www.treat-nmd.eu\/\"><strong>TRATTAMENTO-NMD<\/strong><\/a><\/li>\n<\/ul>\n<h3 style=\"text-align: left\"><strong>Partner istituzionali<\/strong><em> <\/em><\/h3>\n<ul style=\"text-align: left\">\n \t<li><a target=\"_blank\" href=\"http:\/\/www.orpha.net\/consor\/cgi-bin\/index.php?lng=FR\"><strong>Orphanet <\/strong>: Portale RADICO per malattie rare e farmaci orfani<\/a><\/li>\n \t<li><a target=\"_blank\" href=\"http:\/\/www.radico.fr\/fr\/\"><strong>SCRIGNO<\/strong><\/a><\/li>\n \t<li><a target=\"_blank\" href=\"http:\/\/www.ecrin.org\/\"><strong>E-CRIN<\/strong><\/a><\/li>\n<\/ul>\n<h3 style=\"text-align: left\"><strong>Istituzioni<\/strong><\/h3>\n<ul>\n \t<li style=\"text-align: left\"><a target=\"_blank\" href=\"https:\/\/www.ars.sante.fr\/\"><strong>Agenzia sanitaria regionale (ARS)<\/strong><\/a><\/li>\n \t<li style=\"text-align: left\"><a target=\"_blank\" href=\"http:\/\/www.has-sante.fr\/portail\/\"><strong>Alta Autorit\u00e0 della Sanit\u00e0 (HAS)<\/strong><\/a><\/li>\n<\/ul>\t\t\t<\/div>\n\t\t<\/div>\n\t\t\t<\/div>\n\t\t\t\t<\/div>\n\t\t\t\t<\/div>\n\t\t\t\t\t<\/div>\n\t\t<\/div>\n\t\t\t\t\t<\/div>\n\t\t<\/section>\n\t\t\t\t<section class=\"elementor-section elementor-top-section elementor-element elementor-element-68bd12f elementor-section-boxed elementor-section-gap-beside-yes elementor-section-height-default elementor-section-height-default elementor-section-content-align-center elementor-section-column-vertical-align-stretch\" data-id=\"68bd12f\" data-element_type=\"section\">\n\t\t\t\t\t\t<div class=\"elementor-container elementor-column-gap-extended\">\n\t\t\t\t\t<div class=\"elementor-column elementor-col-100 elementor-top-column elementor-element elementor-element-d9207f8\" data-id=\"d9207f8\" data-element_type=\"column\">\n\t\t\t<div class=\"elementor-widget-wrap elementor-element-populated\">\n\t\t\t\t\t\t<div class=\"elementor-element elementor-element-ee4a673 elementor-invisible elementor-widget elementor-widget-tm-heading\" data-id=\"ee4a673\" data-element_type=\"widget\" data-settings=\"{&quot;_animation&quot;:&quot;edumallFadeInUp&quot;}\" data-widget_type=\"tm-heading.default\">\n\t\t\t\t<div class=\"elementor-widget-container\">\n\t\t\t\t\t<div class=\"tm-modern-heading\">\n\t\t\t\n\t\t\t\n\t\t\t\n\t\t\t\t\t<div class=\"heading-description-wrap\">\n\t\t\t<div class=\"heading-description\">\n\t\t\t\t<h2><strong><span style=\"color: #2ebfc2\">Bella memoria di risorse e centro di ricerca <\/span><\/strong><\/h2><p> <\/p>\t\t\t<\/div>\n\t\t<\/div>\n\t\t\t<\/div>\n\t\t\t\t<\/div>\n\t\t\t\t<\/div>\n\t\t\t\t\t<\/div>\n\t\t<\/div>\n\t\t\t\t\t<\/div>\n\t\t<\/section>\n\t\t\t\t<section class=\"elementor-section elementor-top-section elementor-element elementor-element-63b08bf elementor-section-boxed elementor-section-gap-beside-yes elementor-section-height-default elementor-section-height-default elementor-section-content-align-center elementor-section-column-vertical-align-stretch\" data-id=\"63b08bf\" data-element_type=\"section\">\n\t\t\t\t\t\t<div class=\"elementor-container elementor-column-gap-extended\">\n\t\t\t\t\t<div class=\"elementor-column elementor-col-50 elementor-top-column elementor-element elementor-element-8f2015a\" data-id=\"8f2015a\" data-element_type=\"column\">\n\t\t\t<div class=\"elementor-widget-wrap elementor-element-populated\">\n\t\t\t\t\t\t<div class=\"elementor-element elementor-element-313b007 elementor-invisible elementor-widget elementor-widget-tm-heading\" data-id=\"313b007\" data-element_type=\"widget\" data-settings=\"{&quot;_animation&quot;:&quot;edumallFadeInUp&quot;}\" data-widget_type=\"tm-heading.default\">\n\t\t\t\t<div class=\"elementor-widget-container\">\n\t\t\t\t\t<div class=\"tm-modern-heading\">\n\t\t\t\n\t\t\t\n\t\t\t\n\t\t\t\t\t<div class=\"heading-description-wrap\">\n\t\t\t<div class=\"heading-description\">\n\t\t\t\t<p style=\"text-align: left\"><strong><a href=\"http:\/\/www.innovation-alzheimer.fr\/accueil\/\" target=\"_blank\" rel=\"noopener\">Associazione IA<\/a><\/strong><\/p><p style=\"text-align: left\">L'Alzheimer Innovation Association \u00e8 responsabile della ricerca su Alzheimer, autismo, affettivit\u00e0 e autonomia.<\/p><p style=\"text-align: left\"><a href=\"https:\/\/www.francealzheimer.org\/alpesmaritimes\/?gclid=Cj0KCQiA-K2MBhC-ARIsAMtLKRs1DIPqAvJJCNf3ZPUl3ScanJRcn6HAT49s27Leyhm_Ms8eb34RH8YaArHxEALw_wcB\" target=\"_blank\" rel=\"noopener\"><strong>Francia Alzheimer 06<\/strong><\/a><\/p><p style=\"text-align: left\">L'associazione France Alzheimer offre assistenza diurna per i malati e assistenza di sollievo per gli operatori sanitari.<\/p>\t\t\t<\/div>\n\t\t<\/div>\n\t\t\t<\/div>\n\t\t\t\t<\/div>\n\t\t\t\t<\/div>\n\t\t\t\t\t<\/div>\n\t\t<\/div>\n\t\t\t\t<div class=\"elementor-column elementor-col-50 elementor-top-column elementor-element elementor-element-ff59c5f\" data-id=\"ff59c5f\" data-element_type=\"column\">\n\t\t\t<div class=\"elementor-widget-wrap elementor-element-populated\">\n\t\t\t\t\t\t<div class=\"elementor-element elementor-element-1895bc4 elementor-invisible elementor-widget elementor-widget-tm-heading\" data-id=\"1895bc4\" data-element_type=\"widget\" data-settings=\"{&quot;_animation&quot;:&quot;edumallFadeInUp&quot;}\" data-widget_type=\"tm-heading.default\">\n\t\t\t\t<div class=\"elementor-widget-container\">\n\t\t\t\t\t<div class=\"tm-modern-heading\">\n\t\t\t\n\t\t\t\n\t\t\t\n\t\t\t\t\t<div class=\"heading-description-wrap\">\n\t\t\t<div class=\"heading-description\">\n\t\t\t\t<p style=\"text-align: left\"><a href=\"https:\/\/www.fondation-mederic-alzheimer.org\/\" target=\"_blank\" rel=\"noopener\"><strong>Fondazione Mederic Alzheimer<\/strong><\/a><\/p><p style=\"text-align: left\">La M\u00e9d\u00e9ric Alzheimer Foundation si \u00e8 posta l'obiettivo di aiutare le persone con Alzheimer e le loro famiglie a convivere meglio con la malattia e a ritardare il pi\u00f9 possibile la perdita di autonomia combinando la ricerca nelle scienze sociali e l'innovazione nel campo.<\/p><p style=\"text-align: left\"><strong>Portale nazionale di informazione per l'autonomia degli anziani e il sostegno ai loro cari<\/strong><\/p><p style=\"text-align: left\"><a href=\"https:\/\/www.pour-les-personnes-agees.gouv.fr\/\" target=\"_blank\" rel=\"noopener\">https:\/\/www.pour-les-personnes-agees.gouv.fr\/<\/a><\/p>\t\t\t<\/div>\n\t\t<\/div>\n\t\t\t<\/div>\n\t\t\t\t<\/div>\n\t\t\t\t<\/div>\n\t\t\t\t\t<\/div>\n\t\t<\/div>\n\t\t\t\t\t<\/div>\n\t\t<\/section>\n\t\t\t\t<section class=\"elementor-section elementor-top-section elementor-element elementor-element-2bd7c6b elementor-section-boxed elementor-section-gap-beside-yes elementor-section-height-default elementor-section-height-default elementor-section-content-align-center elementor-section-column-vertical-align-stretch\" data-id=\"2bd7c6b\" data-element_type=\"section\">\n\t\t\t\t\t\t<div class=\"elementor-container elementor-column-gap-extended\">\n\t\t\t\t\t<div class=\"elementor-column elementor-col-100 elementor-top-column elementor-element elementor-element-30639e4\" data-id=\"30639e4\" data-element_type=\"column\">\n\t\t\t<div class=\"elementor-widget-wrap elementor-element-populated\">\n\t\t\t\t\t\t<div class=\"elementor-element elementor-element-f243831 elementor-invisible elementor-widget elementor-widget-tm-heading\" data-id=\"f243831\" data-element_type=\"widget\" data-settings=\"{&quot;_animation&quot;:&quot;edumallFadeInUp&quot;}\" data-widget_type=\"tm-heading.default\">\n\t\t\t\t<div class=\"elementor-widget-container\">\n\t\t\t\t\t<div class=\"tm-modern-heading\">\n\t\t\t\n\t\t\t\n\t\t\t\n\t\t\t\t\t<div class=\"heading-description-wrap\">\n\t\t\t<div class=\"heading-description\">\n\t\t\t\t<h2><strong><span style=\"color: #2ebfc2\">Fondation Lenval \u2013 Centre ressource autisme <\/span><\/strong><\/h2>\t\t\t<\/div>\n\t\t<\/div>\n\t\t\t<\/div>\n\t\t\t\t<\/div>\n\t\t\t\t<\/div>\n\t\t\t\t\t<\/div>\n\t\t<\/div>\n\t\t\t\t\t<\/div>\n\t\t<\/section>\n\t\t\t\t<section class=\"elementor-section elementor-top-section elementor-element elementor-element-c06c102 elementor-section-boxed elementor-section-gap-beside-yes elementor-section-height-default elementor-section-height-default elementor-section-content-align-center elementor-section-column-vertical-align-stretch\" data-id=\"c06c102\" data-element_type=\"section\">\n\t\t\t\t\t\t<div class=\"elementor-container elementor-column-gap-extended\">\n\t\t\t\t\t<div class=\"elementor-column elementor-col-100 elementor-top-column elementor-element elementor-element-b19121c\" data-id=\"b19121c\" data-element_type=\"column\">\n\t\t\t<div class=\"elementor-widget-wrap elementor-element-populated\">\n\t\t\t\t\t\t<div class=\"elementor-element elementor-element-79a46c7 elementor-invisible elementor-widget elementor-widget-tm-heading\" data-id=\"79a46c7\" data-element_type=\"widget\" data-settings=\"{&quot;_animation&quot;:&quot;edumallFadeInUp&quot;}\" data-widget_type=\"tm-heading.default\">\n\t\t\t\t<div class=\"elementor-widget-container\">\n\t\t\t\t\t<div class=\"tm-modern-heading\">\n\t\t\t\n\t\t\t\n\t\t\t\n\t\t\t\t\t<div class=\"heading-description-wrap\">\n\t\t\t<div class=\"heading-description\">\n\t\t\t\t<p style=\"text-align: center\"><strong><a target=\"_blank\" href=\"https:\/\/www.lesblousesroses.asso.fr\/fr\/\">Les blouses roses<\/a><\/strong>\n<strong><a target=\"_blank\" href=\"https:\/\/associationadrien.org\/\">Association Adrien<\/a><\/strong>\n<strong><a target=\"_blank\" href=\"https:\/\/cekedubonheur.fr\/\">C\u00e9KeDuBonheur<\/a><\/strong>\n<strong><a target=\"_blank\" href=\"https:\/\/www.makeawishfrance.org\/\">Make a wish<\/a><\/strong>\n<strong><a target=\"_blank\" href=\"https:\/\/www.enfantstaretmatch.com\/\">Enfant Star &amp; Match<\/a> \n<\/strong><strong><a target=\"_blank\" href=\"http:\/\/www.sourireetpartage.com\/\">Sourire et partage<\/a><\/strong>\n<strong><a target=\"_blank\" href=\"https:\/\/www.asso-lea.org\/\">Association Lea<\/a><\/strong>\n<strong><a target=\"_blank\" href=\"https:\/\/associations.nicecotedazur.org\/organizations\/2853\">Association vivre en couleur<\/a><\/strong>\n<strong><a target=\"_blank\" href=\"https:\/\/www.souriredenfant.fr\/\">Association Sourire d\u2019enfant<\/a><\/strong><\/p>\t\t\t<\/div>\n\t\t<\/div>\n\t\t\t<\/div>\n\t\t\t\t<\/div>\n\t\t\t\t<\/div>\n\t\t\t\t\t<\/div>\n\t\t<\/div>\n\t\t\t\t\t<\/div>\n\t\t<\/section>\n\t\t\t\t<\/div>\n\t\t","protected":false},"excerpt":{"rendered":"<p>Associazioni di pazienti e reti di partner Sistema nervoso periferico Muscolo CHU de Nice I Centri di Riferimento per le Malattie Neuromuscolari lavorano in collaborazione con molti partner (reti, associazioni di pazienti, ecc.): Associazioni di pazienti AFM-Telethon: Associazione francese contro le miopatie AFNP :Associazione francese contro le neuropatie periferiche APF : Associazione dei Paralizzati di Francia ARSLA: Associazione per la ricerca sulla sclerosi laterale amiotrofica APSP : Associazione per le Cure Palliative PACA CMTFrance : Associazione di persone affette dalla malattia di Charcot-Marie-Tooth e neuropatie correlate CIU-Sant\u00e9 : Centro per l&#8217;Innovazione e l&#8217;Utilizzo in Salute FSHD Europa : alleanza internazionale a sostegno della ricerca sulla distrofia muscolare omerale AFG : Association Francophone des Glycog\u00e9noses Casa di Medicina e Cultura Club Francofono ENMG Societ\u00e0 francofona di studi e ricerche sulle disabilit\u00e0 infantili Reti Rete SLA PACA EST Partner FHU Oncoage Universit\u00e0 della Costa Azzurra (UCA) TERDASP 06: Piattaforma Territoriale Rete del Dolore Sostegno Cure Palliative delle Alpi Marittime Societ\u00e0 colte SFM : Societ\u00e0 francese di miologia SFNP : Societ\u00e0 francofona del nervo periferico Societ\u00e0 francese di neurologia EAN: Accademia Europea di Neurologia TRATTAMENTO-NMD Partner istituzionali Orphanet : Portale RADICO per malattie rare e farmaci orfani SCRIGNO E-CRIN Istituzioni Agenzia sanitaria regionale (ARS) Alta Autorit\u00e0 della Sanit\u00e0 (HAS) Bella memoria di risorse e centro di ricerca Associazione IA L&#8217;Alzheimer Innovation Association \u00e8 responsabile della ricerca su Alzheimer, autismo, affettivit\u00e0 e autonomia. Francia Alzheimer 06 L&#8217;associazione France Alzheimer offre assistenza diurna per i malati e assistenza di sollievo per gli operatori sanitari. Fondazione Mederic Alzheimer La M\u00e9d\u00e9ric Alzheimer Foundation si \u00e8 posta l&#8217;obiettivo di aiutare le persone con Alzheimer e le loro famiglie a convivere meglio con la malattia e a ritardare il pi\u00f9 possibile la perdita di autonomia combinando la ricerca nelle scienze sociali e l&#8217;innovazione nel campo. Portale nazionale di informazione per l&#8217;autonomia degli anziani e il sostegno ai loro cari https:\/\/www.pour-les-personnes-agees.gouv.fr\/ Fondation Lenval \u2013 Centre ressource autisme Les blouses roses Association Adrien C\u00e9KeDuBonheur Make a wish Enfant Star &amp; Match Sourire et partage Association Lea Association vivre en couleur Association Sourire d\u2019enfant<\/p>\n","protected":false},"author":1,"featured_media":0,"parent":0,"menu_order":0,"comment_status":"closed","ping_status":"closed","template":"","meta":{"footnotes":""},"_links":{"self":[{"href":"https:\/\/www.prosol-elearning.com\/it\/wp-json\/wp\/v2\/pages\/6612"}],"collection":[{"href":"https:\/\/www.prosol-elearning.com\/it\/wp-json\/wp\/v2\/pages"}],"about":[{"href":"https:\/\/www.prosol-elearning.com\/it\/wp-json\/wp\/v2\/types\/page"}],"author":[{"embeddable":true,"href":"https:\/\/www.prosol-elearning.com\/it\/wp-json\/wp\/v2\/users\/1"}],"replies":[{"embeddable":true,"href":"https:\/\/www.prosol-elearning.com\/it\/wp-json\/wp\/v2\/comments?post=6612"}],"version-history":[{"count":2,"href":"https:\/\/www.prosol-elearning.com\/it\/wp-json\/wp\/v2\/pages\/6612\/revisions"}],"predecessor-version":[{"id":7480,"href":"https:\/\/www.prosol-elearning.com\/it\/wp-json\/wp\/v2\/pages\/6612\/revisions\/7480"}],"wp:attachment":[{"href":"https:\/\/www.prosol-elearning.com\/it\/wp-json\/wp\/v2\/media?parent=6612"}],"curies":[{"name":"wp","href":"https:\/\/api.w.org\/{rel}","templated":true}]}}